{"version":"1.0","provider_name":"St\u00edlus \u00e9s Siker","provider_url":"https:\/\/sziluettpersonalstyling.cafeblog.hu","author_name":"Feh\u00e9r T\u00fcnde","author_url":"https:\/\/sziluettpersonalstyling.cafeblog.hu\/author\/feher_tunde\/","title":"Farmering- az \u00f6r\u00f6kk\u00e9 trendi","html":"A minap k\u00e9rdezte egy ismer\u0151s\u00f6m, hogy az \u00fajonnan beszerzett farmering\u00e9t, milyen farmerral vegye fel?\r\n\r\nA\u00a0hasonl\u00f3 sz\u00ednt egyr\u00e9szt neh\u00e9z j\u00f3l eltal\u00e1lni, m\u00e1sr\u00e9szt r\u00e9m unalmas, k\u00e9t egysz\u00edn\u0171 farmer egy\u00fctt visel\u00e9se.\u00a0Szerintem az a legjobb, ha nagyon elt\u00e1volodik egym\u00e1st\u00f3l a k\u00e9t sz\u00edn.\r\n\r\nA farmer ing-farmer nadr\u00e1g p\u00e1rosn\u00e1l \u00e9rdemes \u00fcgyelni arra, hogy a sz\u00ednek elt\u00e9rjenek egym\u00e1st\u00f3l, \u00e9s m\u00e9g az is j\u00f3t tesz a farmeringnek ha nem farmernadr\u00e1ggal, hanem m\u00e1s anyag\u00fa darabokkal p\u00e1ros\u00edtjuk.\r\n\r\n<img class=\"alignnone wp-image-2928\" src=\"https:\/\/sziluettpersonalstyling.cafeblog.hu\/files\/2014\/10\/12243470_510722422434502_5847468076204463077_n-400x600.jpg\" alt=\"12243470_510722422434502_5847468076204463077_n\" width=\"300\" height=\"450\" \/><img class=\"alignnone wp-image-2929\" src=\"https:\/\/sziluettpersonalstyling.cafeblog.hu\/files\/2014\/10\/farmer-ing33-400x600.jpg\" alt=\"farmer ing3\" width=\"300\" height=\"450\" \/>\r\n\r\n<strong>5 tipp, hogyan viseld id\u00e9n tavasszal a farmeringet, hogy garant\u00e1ltan trendi legy\u00e9l:<\/strong>\r\n\r\n1. Bl\u00e9zer al\u00e1 - mint egy bl\u00fazt - viselheted.\u00a0Ha a munkahelyed nem \u00edr el\u0151 k\u00f6telez\u0151en betartand\u00f3 dress code-ot, m\u00e9g egy-egy munkanapon is megengedett.\r\n\r\n<img class=\"alignnone wp-image-1881\" src=\"https:\/\/sziluettpersonalstyling.cafeblog.hu\/files\/2014\/10\/farmering-gy\u00f6nggyel-397x600.jpg\" alt=\"farmering gy\u00f6nggyel\" width=\"299\" height=\"451\" \/><img class=\"alignnone wp-image-1882\" src=\"https:\/\/sziluettpersonalstyling.cafeblog.hu\/files\/2014\/10\/farmering-\u00e9kaszerrel5.jpg\" alt=\"farmering \u00e9kaszerrel5\" width=\"300\" height=\"449\" \/>\r\n\r\n2. Pulcsi al\u00e1 - a r\u00e9teges \u00f6lt\u00f6zk\u00f6d\u00e9s jegy\u00e9ben.\u00a0A farmering ennek a krit\u00e9riumnak is megfelel.\r\n\r\n<img class=\"alignnone wp-image-1890\" src=\"https:\/\/sziluettpersonalstyling.cafeblog.hu\/files\/2014\/10\/farmer-ing-gy\u00f6nyggel-2.jpg\" alt=\"farmer ing gy\u00f6nyggel 2\" width=\"300\" height=\"576\" \/>\r\n\r\n3. \u00a0A \u00a0trendi streatment, nagy \u00e9s hangs\u00falyos \u00e9kszerek a t\u00f6bb \u00e9ves farmer ingeinknek is \u00faj \u00e9rtelmet adnak.\r\n\r\n<img class=\"alignnone wp-image-1872\" src=\"https:\/\/sziluettpersonalstyling.cafeblog.hu\/files\/2014\/10\/1069792_623716197665130_743070158_n-600x480.jpg\" alt=\"1069792_623716197665130_743070158_n\" width=\"600\" height=\"480\" \/>\r\n\r\n4. Az ellent\u00e9tek vonz\u00e1s\u00e1ban: nagyon trendi az id\u00e9n a farmert a romantikus darabokkal p\u00e1ros\u00edtani.\r\n\r\nNekem tetszik, mert finom \u00e9s n\u0151cis..\r\n\r\n<img class=\"alignnone wp-image-1887\" src=\"https:\/\/sziluettpersonalstyling.cafeblog.hu\/files\/2014\/10\/farmer-\u00e9s-csipke2-323x600.jpg\" alt=\"farmer \u00e9s csipke2\" width=\"303\" height=\"563\" \/><img class=\"alignnone wp-image-2927\" src=\"https:\/\/sziluettpersonalstyling.cafeblog.hu\/files\/2014\/10\/678080c777d86517e22e18ad060fc8b1-310x600.jpg\" alt=\"678080c777d86517e22e18ad060fc8b1\" width=\"291\" height=\"563\" \/>\r\n\r\n<img class=\"alignnone wp-image-2942\" src=\"https:\/\/sziluettpersonalstyling.cafeblog.hu\/files\/2016\/02\/farmer-389x600.jpg\" alt=\"farmer\" width=\"295\" height=\"455\" \/><img class=\"alignnone wp-image-2941\" src=\"https:\/\/sziluettpersonalstyling.cafeblog.hu\/files\/2016\/02\/farmer-ing33-400x600.jpg\" alt=\"farmer ing33\" width=\"303\" height=\"455\" \/>\r\n\r\n<img class=\"alignnone wp-image-1895\" src=\"https:\/\/sziluettpersonalstyling.cafeblog.hu\/files\/2014\/10\/farmer-ing2-250x600.jpg\" alt=\"farmer ing2\" width=\"229\" height=\"550\" \/><img class=\"alignnone wp-image-1900\" src=\"https:\/\/sziluettpersonalstyling.cafeblog.hu\/files\/2014\/10\/farmering22-400x600.jpg\" alt=\"farmering22\" width=\"367\" height=\"550\" \/>\r\n\r\n<em><strong>St\u00edlus \u00e9s siker!<\/strong><\/em>\r\n\r\n<em><strong>\u00dcdv: T\u00fcnde<\/strong><\/em>\r\n\r\nHa szeretn\u00e9d megtal\u00e1lni a st\u00edlusod? <a href=\"http:\/\/www.stilusessiker.hu\/stilustanacsadas\">KATT IDE<\/a>\r\n\r\nHa szeretn\u00e9l tov\u00e1bbi st\u00edlus tippeket k\u00f6vess a facebookon:\u00a0<a href=\"https:\/\/www.facebook.com\/stilusessiker\">KATT IDE<\/a>\r\n\r\n&nbsp;\r\n\r\n&nbsp;\r\n\r\n&nbsp;","type":"rich"}